{"id":1986,"date":"2017-03-02T01:31:26","date_gmt":"2017-03-02T07:31:26","guid":{"rendered":"http:\/\/inmoban.imagenconsulting.com\/noticias\/"},"modified":"2017-04-17T06:01:21","modified_gmt":"2017-04-17T12:01:21","slug":"news","status":"publish","type":"page","link":"https:\/\/www.inmoban.es\/en\/news\/","title":{"rendered":"News"},"content":{"rendered":"<p>[vc_row][vc_column]\n                <div id=\"post-card-grid-module\" class=\"houzez-module post-card-module\">\n                        <div class=\"row grid-row\">\n                                    <div class=\"col-md-3 col-sm-6 col-xs-12\">\n                        \n<div class=\"item-wrap\">\n\t<div id=\"post-2015\" class=\"post-card-item post-2015 post type-post status-publish format-standard has-post-thumbnail hentry category-areas\">\n\t\t\t\t<div class=\"figure-block\">\n\t\t\t<figure class=\"item-thumb\">\n\t\t\t\t<a href=\"https:\/\/www.inmoban.es\/en\/puerto-banus\/\" class=\"hover-effect\">\n\t\t\t\t\t<img loading=\"lazy\" decoding=\"async\" width=\"385\" height=\"258\" src=\"https:\/\/www.inmoban.es\/wp-content\/uploads\/2017\/03\/Puerto_Banus_Marbella-1024x768b-385x258.jpg\" class=\"attachment-houzez-property-thumb-image size-houzez-property-thumb-image wp-post-image\" alt=\"\" \/>\t\t\t\t<\/a>\n\t\t\t\t<figcaption class=\"thumb-caption clearfix\">\n\t\t\t\t\t<div class=\"file-type pull-left\"><i class=\"fa fa-file\"><\/i><\/div>\n\t\t\t\t<\/figcaption>\n\t\t\t<\/figure>\n\t\t<\/div>\n\t\t\t\t<div class=\"post-card-body\">\n\n\t\t\t<div class=\"post-card-description\">\n\t\t\t\t<ul class=\"list-inline\">\n\t\t\t\t\t\t\t\t\t\t<li><time datetime=\"2 March, 2017\"><i class=\"fa fa-calendar\"><\/i> 2 March, 2017<\/time><\/li>\n\t\t\t\t\t\t\t\t\t\t<li><i class=\"fa fa-bookmark-o\"><\/i> <a href=\"https:\/\/www.inmoban.es\/en\/category\/areas\/\" rel=\"category tag\">Areas<\/a><\/li>\n\t\t\t\t<\/ul>\n\t\t\t\t<h3 class=\"post-card-title\">Puerto Ban\u00fas<\/h3>\n\t\t\t\t<p>Puerto Jos\u00e9 Ban\u00fas, more commonly known as Puerto Ban\u00fas is a marina located in the area of Nueva...<\/p>\n\t\t\t\t<a href=\"https:\/\/www.inmoban.es\/en\/puerto-banus\/\" class=\"read\"> <i class=\"fa fa-caret-right\"><\/i><\/a>\n\t\t\t<\/div>\n\t\t\t\n\t\t<\/div>\n\t<\/div>\n<\/div>                    <\/div>\n                                    <div class=\"col-md-3 col-sm-6 col-xs-12\">\n                        \n<div class=\"item-wrap\">\n\t<div id=\"post-1970\" class=\"post-card-item post-1970 post type-post status-publish format-standard has-post-thumbnail hentry category-areas\">\n\t\t\t\t<div class=\"figure-block\">\n\t\t\t<figure class=\"item-thumb\">\n\t\t\t\t<a href=\"https:\/\/www.inmoban.es\/en\/san-pedro-de-alcantara\/\" class=\"hover-effect\">\n\t\t\t\t\t<img loading=\"lazy\" decoding=\"async\" width=\"385\" height=\"258\" src=\"https:\/\/www.inmoban.es\/wp-content\/uploads\/2017\/03\/san-pedro-385x258.jpg\" class=\"attachment-houzez-property-thumb-image size-houzez-property-thumb-image wp-post-image\" alt=\"\" \/>\t\t\t\t<\/a>\n\t\t\t\t<figcaption class=\"thumb-caption clearfix\">\n\t\t\t\t\t<div class=\"file-type pull-left\"><i class=\"fa fa-file\"><\/i><\/div>\n\t\t\t\t<\/figcaption>\n\t\t\t<\/figure>\n\t\t<\/div>\n\t\t\t\t<div class=\"post-card-body\">\n\n\t\t\t<div class=\"post-card-description\">\n\t\t\t\t<ul class=\"list-inline\">\n\t\t\t\t\t\t\t\t\t\t<li><time datetime=\"2 March, 2017\"><i class=\"fa fa-calendar\"><\/i> 2 March, 2017<\/time><\/li>\n\t\t\t\t\t\t\t\t\t\t<li><i class=\"fa fa-bookmark-o\"><\/i> <a href=\"https:\/\/www.inmoban.es\/en\/category\/areas\/\" rel=\"category tag\">Areas<\/a><\/li>\n\t\t\t\t<\/ul>\n\t\t\t\t<h3 class=\"post-card-title\">San Pedro de Alc\u00e1ntara<\/h3>\n\t\t\t\t<p>San Pedro Alc\u00e1ntara is located in the Vega de San Pedro Alc\u00e1ntara, in a wide coastal strip...<\/p>\n\t\t\t\t<a href=\"https:\/\/www.inmoban.es\/en\/san-pedro-de-alcantara\/\" class=\"read\"> <i class=\"fa fa-caret-right\"><\/i><\/a>\n\t\t\t<\/div>\n\t\t\t\n\t\t<\/div>\n\t<\/div>\n<\/div>                    <\/div>\n                                    <div class=\"col-md-3 col-sm-6 col-xs-12\">\n                        \n<div class=\"item-wrap\">\n\t<div id=\"post-1943\" class=\"post-card-item post-1943 post type-post status-publish format-standard has-post-thumbnail hentry category-areas\">\n\t\t\t\t<div class=\"figure-block\">\n\t\t\t<figure class=\"item-thumb\">\n\t\t\t\t<a href=\"https:\/\/www.inmoban.es\/en\/guadalmina-alta\/\" class=\"hover-effect\">\n\t\t\t\t\t<img loading=\"lazy\" decoding=\"async\" width=\"385\" height=\"258\" src=\"https:\/\/www.inmoban.es\/wp-content\/uploads\/2017\/02\/ShowImageXML.asp_-385x258.jpeg\" class=\"attachment-houzez-property-thumb-image size-houzez-property-thumb-image wp-post-image\" alt=\"\" srcset=\"https:\/\/www.inmoban.es\/wp-content\/uploads\/2017\/02\/ShowImageXML.asp_-385x258.jpeg 385w, https:\/\/www.inmoban.es\/wp-content\/uploads\/2017\/02\/ShowImageXML.asp_-300x200.jpeg 300w, https:\/\/www.inmoban.es\/wp-content\/uploads\/2017\/02\/ShowImageXML.asp_-768x512.jpeg 768w, https:\/\/www.inmoban.es\/wp-content\/uploads\/2017\/02\/ShowImageXML.asp_-150x100.jpeg 150w, https:\/\/www.inmoban.es\/wp-content\/uploads\/2017\/02\/ShowImageXML.asp_.jpeg 1000w\" sizes=\"(max-width: 385px) 100vw, 385px\" \/>\t\t\t\t<\/a>\n\t\t\t\t<figcaption class=\"thumb-caption clearfix\">\n\t\t\t\t\t<div class=\"file-type pull-left\"><i class=\"fa fa-file\"><\/i><\/div>\n\t\t\t\t<\/figcaption>\n\t\t\t<\/figure>\n\t\t<\/div>\n\t\t\t\t<div class=\"post-card-body\">\n\n\t\t\t<div class=\"post-card-description\">\n\t\t\t\t<ul class=\"list-inline\">\n\t\t\t\t\t\t\t\t\t\t<li><time datetime=\"2 March, 2017\"><i class=\"fa fa-calendar\"><\/i> 2 March, 2017<\/time><\/li>\n\t\t\t\t\t\t\t\t\t\t<li><i class=\"fa fa-bookmark-o\"><\/i> <a href=\"https:\/\/www.inmoban.es\/en\/category\/areas\/\" rel=\"category tag\">Areas<\/a><\/li>\n\t\t\t\t<\/ul>\n\t\t\t\t<h3 class=\"post-card-title\">Guadalmina Baja<\/h3>\n\t\t\t\t<p>Guadalmina baja is separated from the commercial zone of Guadalmina Alta by the highway A7, and of...<\/p>\n\t\t\t\t<a href=\"https:\/\/www.inmoban.es\/en\/guadalmina-alta\/\" class=\"read\"> <i class=\"fa fa-caret-right\"><\/i><\/a>\n\t\t\t<\/div>\n\t\t\t\n\t\t<\/div>\n\t<\/div>\n<\/div>                    <\/div>\n                                    <div class=\"col-md-3 col-sm-6 col-xs-12\">\n                        \n<div class=\"item-wrap\">\n\t<div id=\"post-2262\" class=\"post-card-item post-2262 post type-post status-publish format-standard has-post-thumbnail hentry category-real-estate\">\n\t\t\t\t<div class=\"figure-block\">\n\t\t\t<figure class=\"item-thumb\">\n\t\t\t\t<a href=\"https:\/\/www.inmoban.es\/en\/gdp-marks-the-difference-in-the-eu-for-the-real-estate-recovery\/\" class=\"hover-effect\">\n\t\t\t\t\t<img loading=\"lazy\" decoding=\"async\" width=\"385\" height=\"258\" src=\"https:\/\/www.inmoban.es\/wp-content\/uploads\/2015\/08\/422884-720-480-385x258.jpg\" class=\"attachment-houzez-property-thumb-image size-houzez-property-thumb-image wp-post-image\" alt=\"\" srcset=\"https:\/\/www.inmoban.es\/wp-content\/uploads\/2015\/08\/422884-720-480-385x258.jpg 385w, https:\/\/www.inmoban.es\/wp-content\/uploads\/2015\/08\/422884-720-480-300x200.jpg 300w, https:\/\/www.inmoban.es\/wp-content\/uploads\/2015\/08\/422884-720-480-150x100.jpg 150w, https:\/\/www.inmoban.es\/wp-content\/uploads\/2015\/08\/422884-720-480.jpg 720w\" sizes=\"(max-width: 385px) 100vw, 385px\" \/>\t\t\t\t<\/a>\n\t\t\t\t<figcaption class=\"thumb-caption clearfix\">\n\t\t\t\t\t<div class=\"file-type pull-left\"><i class=\"fa fa-file\"><\/i><\/div>\n\t\t\t\t<\/figcaption>\n\t\t\t<\/figure>\n\t\t<\/div>\n\t\t\t\t<div class=\"post-card-body\">\n\n\t\t\t<div class=\"post-card-description\">\n\t\t\t\t<ul class=\"list-inline\">\n\t\t\t\t\t\t\t\t\t\t<li><time datetime=\"13 August, 2015\"><i class=\"fa fa-calendar\"><\/i> 13 August, 2015<\/time><\/li>\n\t\t\t\t\t\t\t\t\t\t<li><i class=\"fa fa-bookmark-o\"><\/i> <a href=\"https:\/\/www.inmoban.es\/en\/category\/real-estate\/\" rel=\"category tag\">Real Estate<\/a><\/li>\n\t\t\t\t<\/ul>\n\t\t\t\t<h3 class=\"post-card-title\">GDP marks the difference in the EU for the real estate recovery<\/h3>\n\t\t\t\t<p>The real estate sector grows very differently according to the country of the European Union. The...<\/p>\n\t\t\t\t<a href=\"https:\/\/www.inmoban.es\/en\/gdp-marks-the-difference-in-the-eu-for-the-real-estate-recovery\/\" class=\"read\"> <i class=\"fa fa-caret-right\"><\/i><\/a>\n\t\t\t<\/div>\n\t\t\t\n\t\t<\/div>\n\t<\/div>\n<\/div>                    <\/div>\n                                            <\/div>\n        <\/div>\n    \n        [\/vc_column][\/vc_row]<\/p>\n","protected":false},"excerpt":{"rendered":"<p>[vc_row][vc_column][\/vc_column][\/vc_row]<\/p>\n","protected":false},"author":1,"featured_media":0,"parent":0,"menu_order":0,"comment_status":"closed","ping_status":"closed","template":"template\/template-page.php","meta":{"footnotes":""},"aioseo_notices":[],"_links":{"self":[{"href":"https:\/\/www.inmoban.es\/en\/wp-json\/wp\/v2\/pages\/1986"}],"collection":[{"href":"https:\/\/www.inmoban.es\/en\/wp-json\/wp\/v2\/pages"}],"about":[{"href":"https:\/\/www.inmoban.es\/en\/wp-json\/wp\/v2\/types\/page"}],"author":[{"embeddable":true,"href":"https:\/\/www.inmoban.es\/en\/wp-json\/wp\/v2\/users\/1"}],"replies":[{"embeddable":true,"href":"https:\/\/www.inmoban.es\/en\/wp-json\/wp\/v2\/comments?post=1986"}],"version-history":[{"count":2,"href":"https:\/\/www.inmoban.es\/en\/wp-json\/wp\/v2\/pages\/1986\/revisions"}],"predecessor-version":[{"id":2239,"href":"https:\/\/www.inmoban.es\/en\/wp-json\/wp\/v2\/pages\/1986\/revisions\/2239"}],"wp:attachment":[{"href":"https:\/\/www.inmoban.es\/en\/wp-json\/wp\/v2\/media?parent=1986"}],"curies":[{"name":"wp","href":"https:\/\/api.w.org\/{rel}","templated":true}]}}