{"id":1987,"date":"2017-03-02T01:31:26","date_gmt":"2017-03-02T07:31:26","guid":{"rendered":"http:\/\/inmoban.imagenconsulting.com\/noticias\/"},"modified":"2017-04-17T06:00:57","modified_gmt":"2017-04-17T12:00:57","slug":"nouvelles","status":"publish","type":"page","link":"https:\/\/www.inmoban.es\/fr\/nouvelles\/","title":{"rendered":"nouvelles"},"content":{"rendered":"<p>[vc_row][vc_column]\n                <div id=\"post-card-grid-module\" class=\"houzez-module post-card-module\">\n                        <div class=\"row grid-row\">\n                                    <div class=\"col-md-3 col-sm-6 col-xs-12\">\n                        \n<div class=\"item-wrap\">\n\t<div id=\"post-2016\" class=\"post-card-item post-2016 post type-post status-publish format-standard has-post-thumbnail hentry category-zones\">\n\t\t\t\t<div class=\"figure-block\">\n\t\t\t<figure class=\"item-thumb\">\n\t\t\t\t<a href=\"https:\/\/www.inmoban.es\/fr\/puerto-banus\/\" class=\"hover-effect\">\n\t\t\t\t\t<img loading=\"lazy\" decoding=\"async\" width=\"385\" height=\"258\" src=\"https:\/\/www.inmoban.es\/wp-content\/uploads\/2017\/03\/Puerto_Banus_Marbella-1024x768b-385x258.jpg\" class=\"attachment-houzez-property-thumb-image size-houzez-property-thumb-image wp-post-image\" alt=\"\" \/>\t\t\t\t<\/a>\n\t\t\t\t<figcaption class=\"thumb-caption clearfix\">\n\t\t\t\t\t<div class=\"file-type pull-left\"><i class=\"fa fa-file\"><\/i><\/div>\n\t\t\t\t<\/figcaption>\n\t\t\t<\/figure>\n\t\t<\/div>\n\t\t\t\t<div class=\"post-card-body\">\n\n\t\t\t<div class=\"post-card-description\">\n\t\t\t\t<ul class=\"list-inline\">\n\t\t\t\t\t\t\t\t\t\t<li><time datetime=\"2 mars, 2017\"><i class=\"fa fa-calendar\"><\/i> 2 mars, 2017<\/time><\/li>\n\t\t\t\t\t\t\t\t\t\t<li><i class=\"fa fa-bookmark-o\"><\/i> <a href=\"https:\/\/www.inmoban.es\/fr\/category\/zones\/\" rel=\"category tag\">Zones<\/a><\/li>\n\t\t\t\t<\/ul>\n\t\t\t\t<h3 class=\"post-card-title\">Puerto Ban\u00fas<\/h3>\n\t\t\t\t<p>Puerto Jos\u00e9 Ban\u00fas, plus connu sous le nom de Puerto Ban\u00fas, est un port de plaisance situ\u00e9 dans...<\/p>\n\t\t\t\t<a href=\"https:\/\/www.inmoban.es\/fr\/puerto-banus\/\" class=\"read\"> <i class=\"fa fa-caret-right\"><\/i><\/a>\n\t\t\t<\/div>\n\t\t\t\n\t\t<\/div>\n\t<\/div>\n<\/div>                    <\/div>\n                                    <div class=\"col-md-3 col-sm-6 col-xs-12\">\n                        \n<div class=\"item-wrap\">\n\t<div id=\"post-1972\" class=\"post-card-item post-1972 post type-post status-publish format-standard has-post-thumbnail hentry category-zones\">\n\t\t\t\t<div class=\"figure-block\">\n\t\t\t<figure class=\"item-thumb\">\n\t\t\t\t<a href=\"https:\/\/www.inmoban.es\/fr\/san-pedro-de-alcantara\/\" class=\"hover-effect\">\n\t\t\t\t\t<img loading=\"lazy\" decoding=\"async\" width=\"385\" height=\"258\" src=\"https:\/\/www.inmoban.es\/wp-content\/uploads\/2017\/03\/san-pedro-385x258.jpg\" class=\"attachment-houzez-property-thumb-image size-houzez-property-thumb-image wp-post-image\" alt=\"\" \/>\t\t\t\t<\/a>\n\t\t\t\t<figcaption class=\"thumb-caption clearfix\">\n\t\t\t\t\t<div class=\"file-type pull-left\"><i class=\"fa fa-file\"><\/i><\/div>\n\t\t\t\t<\/figcaption>\n\t\t\t<\/figure>\n\t\t<\/div>\n\t\t\t\t<div class=\"post-card-body\">\n\n\t\t\t<div class=\"post-card-description\">\n\t\t\t\t<ul class=\"list-inline\">\n\t\t\t\t\t\t\t\t\t\t<li><time datetime=\"2 mars, 2017\"><i class=\"fa fa-calendar\"><\/i> 2 mars, 2017<\/time><\/li>\n\t\t\t\t\t\t\t\t\t\t<li><i class=\"fa fa-bookmark-o\"><\/i> <a href=\"https:\/\/www.inmoban.es\/fr\/category\/zones\/\" rel=\"category tag\">Zones<\/a><\/li>\n\t\t\t\t<\/ul>\n\t\t\t\t<h3 class=\"post-card-title\">San Pedro de Alc\u00e1ntara<\/h3>\n\t\t\t\t<p>San Pedro Alc\u00e1ntara est situ\u00e9 \u00e0 Vega de San Pedro Alc\u00e1ntara, dans une large bande c\u00f4ti\u00e8re...<\/p>\n\t\t\t\t<a href=\"https:\/\/www.inmoban.es\/fr\/san-pedro-de-alcantara\/\" class=\"read\"> <i class=\"fa fa-caret-right\"><\/i><\/a>\n\t\t\t<\/div>\n\t\t\t\n\t\t<\/div>\n\t<\/div>\n<\/div>                    <\/div>\n                                    <div class=\"col-md-3 col-sm-6 col-xs-12\">\n                        \n<div class=\"item-wrap\">\n\t<div id=\"post-1946\" class=\"post-card-item post-1946 post type-post status-publish format-standard has-post-thumbnail hentry category-zones\">\n\t\t\t\t<div class=\"figure-block\">\n\t\t\t<figure class=\"item-thumb\">\n\t\t\t\t<a href=\"https:\/\/www.inmoban.es\/fr\/guadalmina-alta\/\" class=\"hover-effect\">\n\t\t\t\t\t<img loading=\"lazy\" decoding=\"async\" width=\"385\" height=\"258\" src=\"https:\/\/www.inmoban.es\/wp-content\/uploads\/2017\/02\/ShowImageXML.asp_-385x258.jpeg\" class=\"attachment-houzez-property-thumb-image size-houzez-property-thumb-image wp-post-image\" alt=\"\" srcset=\"https:\/\/www.inmoban.es\/wp-content\/uploads\/2017\/02\/ShowImageXML.asp_-385x258.jpeg 385w, https:\/\/www.inmoban.es\/wp-content\/uploads\/2017\/02\/ShowImageXML.asp_-300x200.jpeg 300w, https:\/\/www.inmoban.es\/wp-content\/uploads\/2017\/02\/ShowImageXML.asp_-768x512.jpeg 768w, https:\/\/www.inmoban.es\/wp-content\/uploads\/2017\/02\/ShowImageXML.asp_-150x100.jpeg 150w, https:\/\/www.inmoban.es\/wp-content\/uploads\/2017\/02\/ShowImageXML.asp_.jpeg 1000w\" sizes=\"(max-width: 385px) 100vw, 385px\" \/>\t\t\t\t<\/a>\n\t\t\t\t<figcaption class=\"thumb-caption clearfix\">\n\t\t\t\t\t<div class=\"file-type pull-left\"><i class=\"fa fa-file\"><\/i><\/div>\n\t\t\t\t<\/figcaption>\n\t\t\t<\/figure>\n\t\t<\/div>\n\t\t\t\t<div class=\"post-card-body\">\n\n\t\t\t<div class=\"post-card-description\">\n\t\t\t\t<ul class=\"list-inline\">\n\t\t\t\t\t\t\t\t\t\t<li><time datetime=\"2 mars, 2017\"><i class=\"fa fa-calendar\"><\/i> 2 mars, 2017<\/time><\/li>\n\t\t\t\t\t\t\t\t\t\t<li><i class=\"fa fa-bookmark-o\"><\/i> <a href=\"https:\/\/www.inmoban.es\/fr\/category\/zones\/\" rel=\"category tag\">Zones<\/a><\/li>\n\t\t\t\t<\/ul>\n\t\t\t\t<h3 class=\"post-card-title\">Guadalmina Alta<\/h3>\n\t\t\t\t<p>Guadalmina est s\u00e9par\u00e9e de la zone commerciale de Guadalmina Alta par l'autoroute A7 et la ville...<\/p>\n\t\t\t\t<a href=\"https:\/\/www.inmoban.es\/fr\/guadalmina-alta\/\" class=\"read\"> <i class=\"fa fa-caret-right\"><\/i><\/a>\n\t\t\t<\/div>\n\t\t\t\n\t\t<\/div>\n\t<\/div>\n<\/div>                    <\/div>\n                                    <div class=\"col-md-3 col-sm-6 col-xs-12\">\n                        \n<div class=\"item-wrap\">\n\t<div id=\"post-2264\" class=\"post-card-item post-2264 post type-post status-publish format-standard has-post-thumbnail hentry category-immobilier\">\n\t\t\t\t<div class=\"figure-block\">\n\t\t\t<figure class=\"item-thumb\">\n\t\t\t\t<a href=\"https:\/\/www.inmoban.es\/fr\/pib-fait-la-difference-dans-lue-pour-la-reprise-du-logement\/\" class=\"hover-effect\">\n\t\t\t\t\t<img loading=\"lazy\" decoding=\"async\" width=\"385\" height=\"258\" src=\"https:\/\/www.inmoban.es\/wp-content\/uploads\/2015\/08\/422884-720-480-385x258.jpg\" class=\"attachment-houzez-property-thumb-image size-houzez-property-thumb-image wp-post-image\" alt=\"\" srcset=\"https:\/\/www.inmoban.es\/wp-content\/uploads\/2015\/08\/422884-720-480-385x258.jpg 385w, https:\/\/www.inmoban.es\/wp-content\/uploads\/2015\/08\/422884-720-480-300x200.jpg 300w, https:\/\/www.inmoban.es\/wp-content\/uploads\/2015\/08\/422884-720-480-150x100.jpg 150w, https:\/\/www.inmoban.es\/wp-content\/uploads\/2015\/08\/422884-720-480.jpg 720w\" sizes=\"(max-width: 385px) 100vw, 385px\" \/>\t\t\t\t<\/a>\n\t\t\t\t<figcaption class=\"thumb-caption clearfix\">\n\t\t\t\t\t<div class=\"file-type pull-left\"><i class=\"fa fa-file\"><\/i><\/div>\n\t\t\t\t<\/figcaption>\n\t\t\t<\/figure>\n\t\t<\/div>\n\t\t\t\t<div class=\"post-card-body\">\n\n\t\t\t<div class=\"post-card-description\">\n\t\t\t\t<ul class=\"list-inline\">\n\t\t\t\t\t\t\t\t\t\t<li><time datetime=\"13 ao\u00fbt, 2015\"><i class=\"fa fa-calendar\"><\/i> 13 ao\u00fbt, 2015<\/time><\/li>\n\t\t\t\t\t\t\t\t\t\t<li><i class=\"fa fa-bookmark-o\"><\/i> <a href=\"https:\/\/www.inmoban.es\/fr\/category\/immobilier\/\" rel=\"category tag\">Immobilier<\/a><\/li>\n\t\t\t\t<\/ul>\n\t\t\t\t<h3 class=\"post-card-title\">PIB fait la diff\u00e9rence dans l&rsquo;UE pour la reprise du logement<\/h3>\n\t\t\t\t<p>Le secteur immobilier se d\u00e9veloppe tr\u00e8s diff\u00e9remment selon le pays de l'Union europ\u00e9enne....<\/p>\n\t\t\t\t<a href=\"https:\/\/www.inmoban.es\/fr\/pib-fait-la-difference-dans-lue-pour-la-reprise-du-logement\/\" class=\"read\"> <i class=\"fa fa-caret-right\"><\/i><\/a>\n\t\t\t<\/div>\n\t\t\t\n\t\t<\/div>\n\t<\/div>\n<\/div>                    <\/div>\n                                            <\/div>\n        <\/div>\n    \n        [\/vc_column][\/vc_row]<\/p>\n","protected":false},"excerpt":{"rendered":"<p>[vc_row][vc_column][\/vc_column][\/vc_row]<\/p>\n","protected":false},"author":1,"featured_media":0,"parent":0,"menu_order":0,"comment_status":"closed","ping_status":"closed","template":"template\/template-page.php","meta":{"footnotes":""},"aioseo_notices":[],"_links":{"self":[{"href":"https:\/\/www.inmoban.es\/fr\/wp-json\/wp\/v2\/pages\/1987"}],"collection":[{"href":"https:\/\/www.inmoban.es\/fr\/wp-json\/wp\/v2\/pages"}],"about":[{"href":"https:\/\/www.inmoban.es\/fr\/wp-json\/wp\/v2\/types\/page"}],"author":[{"embeddable":true,"href":"https:\/\/www.inmoban.es\/fr\/wp-json\/wp\/v2\/users\/1"}],"replies":[{"embeddable":true,"href":"https:\/\/www.inmoban.es\/fr\/wp-json\/wp\/v2\/comments?post=1987"}],"version-history":[{"count":3,"href":"https:\/\/www.inmoban.es\/fr\/wp-json\/wp\/v2\/pages\/1987\/revisions"}],"predecessor-version":[{"id":2196,"href":"https:\/\/www.inmoban.es\/fr\/wp-json\/wp\/v2\/pages\/1987\/revisions\/2196"}],"wp:attachment":[{"href":"https:\/\/www.inmoban.es\/fr\/wp-json\/wp\/v2\/media?parent=1987"}],"curies":[{"name":"wp","href":"https:\/\/api.w.org\/{rel}","templated":true}]}}